{"id":512,"date":"2020-04-02T09:34:53","date_gmt":"2020-04-02T09:34:53","guid":{"rendered":"http:\/\/localhost\/projects\/Neve-constructions\/?page_id=512"},"modified":"2025-12-23T06:21:17","modified_gmt":"2025-12-23T05:21:17","slug":"productos","status":"publish","type":"page","link":"https:\/\/www.almamaterialprofesional.es\/web\/productos\/","title":{"rendered":"Productos"},"content":{"rendered":"\n<div id=\"wp-block-themeisle-blocks-advanced-columns-156da597\" class=\"wp-block-themeisle-blocks-advanced-columns alignfull has-1-columns has-desktop-equal-layout has-tablet-equal-layout has-mobile-equal-layout has-vertical-center\"><div class=\"wp-block-themeisle-blocks-advanced-columns-overlay\"><\/div><div class=\"innerblocks-wrap\">\n<div id=\"wp-block-themeisle-blocks-advanced-column-b126c276\" class=\"wp-block-themeisle-blocks-advanced-column\">\n<h1 id=\"wp-block-themeisle-blocks-advanced-heading-38841c2b\" class=\"wp-block-themeisle-blocks-advanced-heading wp-block-themeisle-blocks-advanced-heading-38841c2b\"> NUESTROS PRODUCTOS<\/h1>\n<\/div>\n<\/div><\/div>\n\n\n\n<div id=\"wp-block-themeisle-blocks-advanced-columns-4f08fd95\" class=\"wp-block-themeisle-blocks-advanced-columns alignfull has-1-columns has-desktop-equal-layout has-tablet-equal-layout has-mobile-equal-layout has-vertical-center\"><div class=\"wp-block-themeisle-blocks-advanced-columns-overlay\"><\/div><div class=\"innerblocks-wrap\">\n<div id=\"wp-block-themeisle-blocks-advanced-column-bc059aa5\" class=\"wp-block-themeisle-blocks-advanced-column\">\n<h2 id=\"wp-block-themeisle-blocks-advanced-heading-d96119de\" class=\"wp-block-themeisle-blocks-advanced-heading wp-block-themeisle-blocks-advanced-heading-d96119de\">PRODUCTOS PRINCIPALES<\/h2>\n\n\n\n<p id=\"wp-block-themeisle-blocks-advanced-heading-43986344\" class=\"wp-block-themeisle-blocks-advanced-heading wp-block-themeisle-blocks-advanced-heading-43986344\">Aqu\u00ed mostramos nuestros principales productos y categor\u00edas. Preg\u00fantanos ante cualquier duda o si buscas algo concreto y no lo encuentras.<\/p>\n\n\n\n<div class=\"wp-block-group\"><div class=\"wp-block-group__inner-container is-layout-flow wp-block-group-is-layout-flow\">\n<div class=\"wp-block-buttons is-horizontal is-content-justification-center is-layout-flex wp-container-core-buttons-is-layout-499968f5 wp-block-buttons-is-layout-flex\">\n<div class=\"wp-block-button is-style-primary\"><a class=\"wp-block-button__link has-background wp-element-button\" href=\"\/web\/catalogo-alma\" style=\"background-color:#d77e2a\">CONSULTA NUESTRO CAT\u00c1LOGO<\/a><\/div>\n<\/div>\n<\/div><\/div>\n<\/div>\n<\/div><\/div>\n\n\n\n<div id=\"wp-block-themeisle-blocks-advanced-columns-f50360f2\" class=\"wp-block-themeisle-blocks-advanced-columns alignfull has-3-columns has-desktop-equal-layout has-tablet-equal-layout has-mobile-collapsedRows-layout has-vertical-unset\"><div class=\"wp-block-themeisle-blocks-advanced-columns-overlay\"><\/div><div class=\"innerblocks-wrap\">\n<div id=\"wp-block-themeisle-blocks-advanced-column-ffbc9ae5\" class=\"wp-block-themeisle-blocks-advanced-column\"><div class=\"wp-block-image\">\n<figure class=\"aligncenter size-full\"><img loading=\"lazy\" decoding=\"async\" width=\"842\" height=\"472\" src=\"https:\/\/www.almamaterialprofesional.es\/web\/wp-content\/uploads\/2021\/09\/nivelacion.png\" alt=\"\" class=\"wp-image-946\" srcset=\"https:\/\/www.almamaterialprofesional.es\/web\/wp-content\/uploads\/2021\/09\/nivelacion.png 842w, https:\/\/www.almamaterialprofesional.es\/web\/wp-content\/uploads\/2021\/09\/nivelacion-300x168.png 300w, https:\/\/www.almamaterialprofesional.es\/web\/wp-content\/uploads\/2021\/09\/nivelacion-768x431.png 768w\" sizes=\"auto, (max-width: 842px) 100vw, 842px\" \/><\/figure>\n<\/div>\n\n\n<h3 id=\"wp-block-themeisle-blocks-advanced-heading-40ffdcbe\" class=\"wp-block-themeisle-blocks-advanced-heading wp-block-themeisle-blocks-advanced-heading-40ffdcbe\">SISTEMA DE NIVELACI\u00d3N PARA PAVIMENTO<\/h3>\n\n\n\n<p class=\"has-text-color-color has-text-color\">Amplia gama de cu\u00f1as y calzos de nivelaci\u00f3n para sistema ancho y estrecho de nivelaci\u00f3n de pavimento.<\/p>\n<\/div>\n\n\n\n<div id=\"wp-block-themeisle-blocks-advanced-column-de80a6e0\" class=\"wp-block-themeisle-blocks-advanced-column\">\n<figure class=\"wp-block-image size-large\"><img loading=\"lazy\" decoding=\"async\" width=\"1024\" height=\"505\" src=\"https:\/\/www.almamaterialprofesional.es\/web\/wp-content\/uploads\/2021\/09\/pletina-y-grapa-1024x505.jpg\" alt=\"\" class=\"wp-image-933\" srcset=\"https:\/\/www.almamaterialprofesional.es\/web\/wp-content\/uploads\/2021\/09\/pletina-y-grapa-1024x505.jpg 1024w, https:\/\/www.almamaterialprofesional.es\/web\/wp-content\/uploads\/2021\/09\/pletina-y-grapa-300x148.jpg 300w, https:\/\/www.almamaterialprofesional.es\/web\/wp-content\/uploads\/2021\/09\/pletina-y-grapa-768x379.jpg 768w, https:\/\/www.almamaterialprofesional.es\/web\/wp-content\/uploads\/2021\/09\/pletina-y-grapa-1536x758.jpg 1536w, https:\/\/www.almamaterialprofesional.es\/web\/wp-content\/uploads\/2021\/09\/pletina-y-grapa-2048x1011.jpg 2048w\" sizes=\"auto, (max-width: 1024px) 100vw, 1024px\" \/><\/figure>\n\n\n\n<h3 id=\"wp-block-themeisle-blocks-advanced-heading-7016f8a3\" class=\"wp-block-themeisle-blocks-advanced-heading wp-block-themeisle-blocks-advanced-heading-7016f8a3\">GRAPAS Y PLETINAS TROQUELADAS<\/h3>\n\n\n\n<p class=\"has-text-color-color has-text-color\">Grapas para anclaje de fachadas (grapa de arranque y grapa intermedia) y pletinas troqueladas para la sujeci\u00f3n de baldosas en fachada.<\/p>\n<\/div>\n\n\n\n<div id=\"wp-block-themeisle-blocks-advanced-column-09efd567\" class=\"wp-block-themeisle-blocks-advanced-column\">\n<figure class=\"wp-block-image size-medium is-resized\"><img loading=\"lazy\" decoding=\"async\" width=\"300\" height=\"252\" src=\"https:\/\/www.almamaterialprofesional.es\/web\/wp-content\/uploads\/2021\/06\/RESINA-PUENTE-UNION-300x252.jpg\" alt=\"\" class=\"wp-image-819\" style=\"width:218px;height:183px\" srcset=\"https:\/\/www.almamaterialprofesional.es\/web\/wp-content\/uploads\/2021\/06\/RESINA-PUENTE-UNION-300x252.jpg 300w, https:\/\/www.almamaterialprofesional.es\/web\/wp-content\/uploads\/2021\/06\/RESINA-PUENTE-UNION.jpg 709w\" sizes=\"auto, (max-width: 300px) 100vw, 300px\" \/><\/figure>\n\n\n\n<h3 id=\"wp-block-themeisle-blocks-advanced-heading-dd000996\" class=\"wp-block-themeisle-blocks-advanced-heading wp-block-themeisle-blocks-advanced-heading-dd000996\">PRODUCTOS QU\u00cdMICOS<\/h3>\n\n\n\n<p class=\"has-text-color-color has-text-color\">Resinas, impermeabilizantes, pinturas bituminosas, desincrustantes,&#8230; <\/p>\n<\/div>\n<\/div><\/div>\n\n\n\n<div id=\"wp-block-themeisle-blocks-advanced-columns-2abc41f5\" class=\"wp-block-themeisle-blocks-advanced-columns has-3-columns has-desktop-equal-layout has-tablet-equal-layout has-mobile-collapsedRows-layout has-vertical-unset\"><div class=\"wp-block-themeisle-blocks-advanced-columns-overlay\"><\/div><div class=\"innerblocks-wrap\">\n<div id=\"wp-block-themeisle-blocks-advanced-column-6690ef4f\" class=\"wp-block-themeisle-blocks-advanced-column\"><div class=\"wp-block-image\">\n<figure class=\"aligncenter size-large\"><img loading=\"lazy\" decoding=\"async\" width=\"1024\" height=\"683\" src=\"https:\/\/www.almamaterialprofesional.es\/web\/wp-content\/uploads\/2021\/06\/PERFIL-ALUMINIO-TITANIO-1024x683.png\" alt=\"perfiles de aluminio\" class=\"wp-image-730\" srcset=\"https:\/\/www.almamaterialprofesional.es\/web\/wp-content\/uploads\/2021\/06\/PERFIL-ALUMINIO-TITANIO-1024x683.png 1024w, https:\/\/www.almamaterialprofesional.es\/web\/wp-content\/uploads\/2021\/06\/PERFIL-ALUMINIO-TITANIO-300x200.png 300w, https:\/\/www.almamaterialprofesional.es\/web\/wp-content\/uploads\/2021\/06\/PERFIL-ALUMINIO-TITANIO-768x512.png 768w, https:\/\/www.almamaterialprofesional.es\/web\/wp-content\/uploads\/2021\/06\/PERFIL-ALUMINIO-TITANIO-1536x1024.png 1536w, https:\/\/www.almamaterialprofesional.es\/web\/wp-content\/uploads\/2021\/06\/PERFIL-ALUMINIO-TITANIO-2048x1365.png 2048w, https:\/\/www.almamaterialprofesional.es\/web\/wp-content\/uploads\/2021\/06\/PERFIL-ALUMINIO-TITANIO-930x620.png 930w\" sizes=\"auto, (max-width: 1024px) 100vw, 1024px\" \/><\/figure>\n<\/div>\n\n\n<h3 id=\"wp-block-themeisle-blocks-advanced-heading-8a5cdfa6\" class=\"wp-block-themeisle-blocks-advanced-heading wp-block-themeisle-blocks-advanced-heading-8a5cdfa6\">PERFILES ACERO INOXIDABLE<\/h3>\n\n\n\n<p class=\"has-text-color-color has-text-color\">Amplia gama de perfiles tanto en acero inoxidable, aluminio, fibra o PVC.<\/p>\n<\/div>\n\n\n\n<div id=\"wp-block-themeisle-blocks-advanced-column-f023de26\" class=\"wp-block-themeisle-blocks-advanced-column\"><div class=\"wp-block-image is-resized\">\n<figure class=\"aligncenter size-medium\"><img loading=\"lazy\" decoding=\"async\" width=\"241\" height=\"300\" src=\"https:\/\/www.almamaterialprofesional.es\/web\/wp-content\/uploads\/2021\/06\/MINI-DISCO-GENERAL-DE-OBRA-115-O-241x300.png\" alt=\"\" class=\"wp-image-887\" style=\"aspect-ratio:1;object-fit:contain\" srcset=\"https:\/\/www.almamaterialprofesional.es\/web\/wp-content\/uploads\/2021\/06\/MINI-DISCO-GENERAL-DE-OBRA-115-O-241x300.png 241w, https:\/\/www.almamaterialprofesional.es\/web\/wp-content\/uploads\/2021\/06\/MINI-DISCO-GENERAL-DE-OBRA-115-O.png 313w\" sizes=\"auto, (max-width: 241px) 100vw, 241px\" \/><\/figure>\n<\/div>\n\n\n<h3 id=\"wp-block-themeisle-blocks-advanced-heading-6282e04e\" class=\"wp-block-themeisle-blocks-advanced-heading wp-block-themeisle-blocks-advanced-heading-6282e04e\">DISCOS Y CORONAS<\/h3>\n\n\n\n<p class=\"has-text-color-color has-text-color\">Discos y coronas de diamante, discos para porcel\u00e1nico, general de obra, multil\u00e1minas&#8230;)<\/p>\n<\/div>\n\n\n\n<div id=\"wp-block-themeisle-blocks-advanced-column-57e1c9a5\" class=\"wp-block-themeisle-blocks-advanced-column\">\n<div id=\"wp-block-themeisle-blocks-slider-541b7287\" class=\"wp-block-themeisle-blocks-slider glide\" data-per-view=\"1\" data-gap=\"0\" data-peek=\"0\" data-autoplay=\"true\" data-height=\"198px\" data-hide-arrows=\"false\"><div class=\"glide__track\" data-glide-el=\"track\"><div class=\"glide__slides\"><div class=\"wp-block-themeisle-blocks-slider-item-wrapper glide__slide\" tabindex=\"0\"><figure><img decoding=\"async\" class=\"wp-block-themeisle-blocks-slider-item\" src=\"https:\/\/www.almamaterialprofesional.es\/web\/wp-content\/uploads\/2025\/12\/BATIDORA-AZUL-SIN-FONDO.png\" alt=\"\" title=\"\" data-id=\"1065\"\/><\/figure><\/div><div class=\"wp-block-themeisle-blocks-slider-item-wrapper glide__slide\" tabindex=\"0\"><figure><img decoding=\"async\" class=\"wp-block-themeisle-blocks-slider-item\" src=\"https:\/\/www.almamaterialprofesional.es\/web\/wp-content\/uploads\/2025\/12\/AMOLADORA-ALMA-SIN-FONDO.png\" alt=\"\" title=\"\" data-id=\"1066\"\/><\/figure><\/div><div class=\"wp-block-themeisle-blocks-slider-item-wrapper glide__slide\" tabindex=\"0\"><figure><img decoding=\"async\" class=\"wp-block-themeisle-blocks-slider-item\" src=\"https:\/\/www.almamaterialprofesional.es\/web\/wp-content\/uploads\/2025\/12\/VIBRADORA-ALMA.png\" alt=\"\" title=\"\" data-id=\"1067\"\/><\/figure><\/div><\/div><div class=\"glide__bullets\" data-glide-el=\"controls[nav]\"><button class=\"glide__bullet\" data-glide-dir=\"=0\"><\/button><button class=\"glide__bullet\" data-glide-dir=\"=1\"><\/button><button class=\"glide__bullet\" data-glide-dir=\"=2\"><\/button><\/div><\/div><\/div>\n\n\n\n<h3 id=\"wp-block-themeisle-blocks-advanced-heading-8e38d988\" class=\"wp-block-themeisle-blocks-advanced-heading wp-block-themeisle-blocks-advanced-heading-8e38d988\">MAQUINARIA<\/h3>\n\n\n\n<p>Gran variedad de m\u00e1quinas el\u00e9ctricas de alta calidad como vibradoras de baldosas, ventosas, amoladoras, batidoras\u2026<\/p>\n<\/div>\n<\/div><\/div>\n\n\n\n<div id=\"wp-block-themeisle-blocks-advanced-columns-f68dc1c7\" class=\"wp-block-themeisle-blocks-advanced-columns has-3-columns has-desktop-equal-layout has-tablet-equal-layout has-mobile-collapsedRows-layout has-vertical-unset\"><div class=\"wp-block-themeisle-blocks-advanced-columns-overlay\"><\/div><div class=\"innerblocks-wrap\">\n<div id=\"wp-block-themeisle-blocks-advanced-column-cdd2409d\" class=\"wp-block-themeisle-blocks-advanced-column\">\n<figure class=\"wp-block-image size-large\"><img loading=\"lazy\" decoding=\"async\" width=\"960\" height=\"665\" src=\"https:\/\/www.almamaterialprofesional.es\/web\/wp-content\/uploads\/2021\/06\/foto-portada-fb-1.jpg\" alt=\"\" class=\"wp-image-831\" srcset=\"https:\/\/www.almamaterialprofesional.es\/web\/wp-content\/uploads\/2021\/06\/foto-portada-fb-1.jpg 960w, https:\/\/www.almamaterialprofesional.es\/web\/wp-content\/uploads\/2021\/06\/foto-portada-fb-1-300x208.jpg 300w, https:\/\/www.almamaterialprofesional.es\/web\/wp-content\/uploads\/2021\/06\/foto-portada-fb-1-768x532.jpg 768w\" sizes=\"auto, (max-width: 960px) 100vw, 960px\" \/><\/figure>\n\n\n\n<h3 id=\"wp-block-themeisle-blocks-advanced-heading-2d5d100d\" class=\"wp-block-themeisle-blocks-advanced-heading wp-block-themeisle-blocks-advanced-heading-2d5d100d\">TODAV\u00cdA M\u00c1S!<\/h3>\n\n\n\n<div class=\"wp-block-buttons is-layout-flex wp-block-buttons-is-layout-flex\">\n<div class=\"wp-block-button is-style-primary\"><a class=\"wp-block-button__link has-background wp-element-button\" href=\"\/web\/catalogo-alma\" style=\"background-color:#d77e2a\">CONSULTA EL CAT\u00c1LOGO<\/a><\/div>\n<\/div>\n<\/div>\n\n\n\n<div id=\"wp-block-themeisle-blocks-advanced-column-896d2214\" class=\"wp-block-themeisle-blocks-advanced-column\">\n<h3 id=\"wp-block-themeisle-blocks-advanced-heading-6264402e\" class=\"wp-block-themeisle-blocks-advanced-heading wp-block-themeisle-blocks-advanced-heading-6264402e\"><\/h3>\n\n\n\n<p class=\"has-text-color-color has-text-color\"><\/p>\n<\/div>\n\n\n\n<div id=\"wp-block-themeisle-blocks-advanced-column-f0e14981\" class=\"wp-block-themeisle-blocks-advanced-column\">\n<h3 id=\"wp-block-themeisle-blocks-advanced-heading-115cf64f\" class=\"wp-block-themeisle-blocks-advanced-heading wp-block-themeisle-blocks-advanced-heading-115cf64f\"><\/h3>\n\n\n\n<p class=\"has-text-color-color has-text-color\"><\/p>\n<\/div>\n<\/div><\/div>\n\n\n\n<div id=\"wp-block-themeisle-blocks-advanced-columns-1b97d43c\" class=\"wp-block-themeisle-blocks-advanced-columns alignfull has-1-columns has-desktop-equal-layout has-tablet-equal-layout has-mobile-equal-layout has-vertical-center has-dark-bg\"><div class=\"wp-block-themeisle-blocks-advanced-columns-overlay\"><\/div><div class=\"innerblocks-wrap\">\n<div id=\"wp-block-themeisle-blocks-advanced-column-af737273\" class=\"wp-block-themeisle-blocks-advanced-column\">\n<h2 id=\"wp-block-themeisle-blocks-advanced-heading-79b15ca1\" class=\"wp-block-themeisle-blocks-advanced-heading wp-block-themeisle-blocks-advanced-heading-79b15ca1\">LA CALIDAD QUE NECESITAS, <br>CUANDO LA NECESITAS<\/h2>\n<\/div>\n<\/div><\/div>\n\n\n\n<div id=\"wp-block-themeisle-blocks-advanced-columns-21aa5c00\" class=\"wp-block-themeisle-blocks-advanced-columns alignfull has-1-columns has-desktop-equal-layout has-tablet-equal-layout has-mobile-equal-layout has-vertical-center\"><div class=\"wp-block-themeisle-blocks-advanced-columns-overlay\"><\/div><div class=\"innerblocks-wrap\">\n<div id=\"wp-block-themeisle-blocks-advanced-column-2886e82d\" class=\"wp-block-themeisle-blocks-advanced-column\">\n<h4 id=\"wp-block-themeisle-blocks-advanced-heading-bd723f8e\" class=\"wp-block-themeisle-blocks-advanced-heading wp-block-themeisle-blocks-advanced-heading-bd723f8e\">CONSTRUYAMOS JUNTOS<\/h4>\n\n\n\n<h2 id=\"wp-block-themeisle-blocks-advanced-heading-736f39f8\" class=\"wp-block-themeisle-blocks-advanced-heading wp-block-themeisle-blocks-advanced-heading-736f39f8\">\u00bfPROYECTOS DE CONSTRUCCI\u00d3N?<br>CUENTA CON NOSOTROS<\/h2>\n\n\n\n<div style=\"height:20px\" aria-hidden=\"true\" class=\"wp-block-spacer\"><\/div>\n\n\n\n<div class=\"wp-block-buttons is-horizontal is-content-justification-center is-layout-flex wp-container-core-buttons-is-layout-499968f5 wp-block-buttons-is-layout-flex\">\n<div class=\"wp-block-button is-style-primary\"><a class=\"wp-block-button__link has-background wp-element-button\" href=\"\/web\/contacto\/\" style=\"background-color:#dc6c1a\">SOMOS TU MEJOR ALIADO<\/a><\/div>\n<\/div>\n<\/div>\n<\/div><\/div>\n","protected":false},"excerpt":{"rendered":"","protected":false},"author":1,"featured_media":0,"parent":0,"menu_order":0,"comment_status":"closed","ping_status":"closed","template":"page-templates\/template-pagebuilder-full-width.php","meta":{"neve_meta_sidebar":"full-width","neve_meta_container":"","neve_meta_enable_content_width":"on","neve_meta_content_width":100,"neve_meta_title_alignment":"","neve_meta_author_avatar":"","neve_post_elements_order":"","neve_meta_disable_header":"","neve_meta_disable_footer":"","neve_meta_disable_title":"","neve_meta_reading_time":"","advanced_seo_description":"","jetpack_seo_html_title":"","jetpack_seo_noindex":false,"_themeisle_gutenberg_block_has_review":false,"footnotes":""},"class_list":["post-512","page","type-page","status-publish","hentry"],"jetpack_sharing_enabled":true,"_links":{"self":[{"href":"https:\/\/www.almamaterialprofesional.es\/web\/wp-json\/wp\/v2\/pages\/512","targetHints":{"allow":["GET"]}}],"collection":[{"href":"https:\/\/www.almamaterialprofesional.es\/web\/wp-json\/wp\/v2\/pages"}],"about":[{"href":"https:\/\/www.almamaterialprofesional.es\/web\/wp-json\/wp\/v2\/types\/page"}],"author":[{"embeddable":true,"href":"https:\/\/www.almamaterialprofesional.es\/web\/wp-json\/wp\/v2\/users\/1"}],"replies":[{"embeddable":true,"href":"https:\/\/www.almamaterialprofesional.es\/web\/wp-json\/wp\/v2\/comments?post=512"}],"version-history":[{"count":31,"href":"https:\/\/www.almamaterialprofesional.es\/web\/wp-json\/wp\/v2\/pages\/512\/revisions"}],"predecessor-version":[{"id":1073,"href":"https:\/\/www.almamaterialprofesional.es\/web\/wp-json\/wp\/v2\/pages\/512\/revisions\/1073"}],"wp:attachment":[{"href":"https:\/\/www.almamaterialprofesional.es\/web\/wp-json\/wp\/v2\/media?parent=512"}],"curies":[{"name":"wp","href":"https:\/\/api.w.org\/{rel}","templated":true}]}}